{"id":1146,"date":"2017-03-02T12:48:57","date_gmt":"2017-03-02T12:48:57","guid":{"rendered":"http:\/\/fcapages.com\/pilatesindividual\/pilates-individual\/"},"modified":"2025-02-11T16:57:33","modified_gmt":"2025-02-11T16:57:33","slug":"entrenamiento-fascial","status":"publish","type":"page","link":"https:\/\/pilates-individual.com\/es\/entrenamiento-fascial\/","title":{"rendered":"Entrenamiento Fascial"},"content":{"rendered":"<p>[et_pb_section fb_built=\u00bb1&#8243; fullwidth=\u00bbon\u00bb admin_label=\u00bbSection\u00bb _builder_version=\u00bb4.16&#8243; background_image=\u00bbhttps:\/\/pilates-individual.com\/wp-content\/uploads\/2017\/02\/head-wave-1920.jpg\u00bb global_colors_info=\u00bb{}\u00bb][et_pb_fullwidth_header title=\u00bbentrenamiento de fascia\u00bb header_fullscreen=\u00bbon\u00bb header_scroll_down=\u00bbon\u00bb content_max_width=\u00bbnone\u00bb admin_label=\u00bbFullwidth Header\u00bb _builder_version=\u00bb4.27.4&#8243; background_color=\u00bbrgba(255, 255, 255, 0)\u00bb hover_enabled=\u00bb0&#8243; global_colors_info=\u00bb{}\u00bb button_one_text_size__hover_enabled=\u00bboff\u00bb button_two_text_size__hover_enabled=\u00bboff\u00bb button_one_text_color__hover_enabled=\u00bboff\u00bb button_two_text_color__hover_enabled=\u00bboff\u00bb button_one_border_width__hover_enabled=\u00bboff\u00bb button_two_border_width__hover_enabled=\u00bboff\u00bb button_one_border_color__hover_enabled=\u00bboff\u00bb button_two_border_color__hover_enabled=\u00bboff\u00bb button_one_border_radius__hover_enabled=\u00bboff\u00bb button_two_border_radius__hover_enabled=\u00bboff\u00bb button_one_letter_spacing__hover_enabled=\u00bboff\u00bb button_two_letter_spacing__hover_enabled=\u00bboff\u00bb button_one_bg_color__hover_enabled=\u00bboff\u00bb button_two_bg_color__hover_enabled=\u00bboff\u00bb sticky_enabled=\u00bb0&#8243;][\/et_pb_fullwidth_header][\/et_pb_section][et_pb_section fb_built=\u00bb1&#8243; admin_label=\u00bbSection\u00bb _builder_version=\u00bb4.16&#8243; global_colors_info=\u00bb{}\u00bb][et_pb_row column_structure=\u00bb1_2,1_2&#8243; admin_label=\u00bbRow\u00bb _builder_version=\u00bb4.16&#8243; background_size=\u00bbinitial\u00bb background_position=\u00bbtop_left\u00bb background_repeat=\u00bbrepeat\u00bb custom_padding=\u00bb||10px|\u00bb global_colors_info=\u00bb{}\u00bb][et_pb_column type=\u00bb1_2&#8243; _builder_version=\u00bb4.16&#8243; custom_padding=\u00bb|||\u00bb global_colors_info=\u00bb{}\u00bb custom_padding__hover=\u00bb|||\u00bb][et_pb_text admin_label=\u00bbText\u00bb _builder_version=\u00bb4.27.4&#8243; background_size=\u00bbinitial\u00bb background_position=\u00bbtop_left\u00bb background_repeat=\u00bbrepeat\u00bb hover_enabled=\u00bb0&#8243; global_colors_info=\u00bb{}\u00bb sticky_enabled=\u00bb0&#8243;]<\/p>\n<h1><span style=\"color: #5ec3dd;\">Entrenamiento de Fascia <\/span><\/h1>\n<p>Pilates es un concepto de ejercicio inteligente desarrollado por Joseph Pilates a principios del siglo XX para mejorar la flexibilidad, la coordinaci\u00f3n y el equilibrio, y para construir la fuerza y \u200b\u200bla resistencia en todo el cuerpo. Al fortalecer los m\u00fasculos abdominales profundos, los m\u00fasculos de la espalda y el suelo p\u00e9lvico, Pilates ayuda a mejorar la <span style=\"color: #02a2d0;\"><strong>postura<\/strong><\/span>, aumentar la movilidad y aliviar el dolor.<\/p>\n<p>En el mundo moderno, sin embargo, nuestros cuerpos necesitan m\u00e1s. Pilates contempor\u00e1neo incorpora los \u00faltimos avances en el entrenamiento de movimiento din\u00e1mico para restaurar la suavidad, elasticidad y resistencia natural del cuerpo.<\/p>\n<p>[\/et_pb_text][et_pb_image src=\u00bbhttps:\/\/pilates-individual.com\/wp-content\/uploads\/2017\/03\/reformer2.png\u00bb alt=\u00bbpilates reformer\u00bb title_text=\u00bbpilates reformer\u00bb align_tablet=\u00bbcenter\u00bb align_phone=\u00bbcenter\u00bb align_last_edited=\u00bbon|desktop\u00bb admin_label=\u00bbreformer Image\u00bb _builder_version=\u00bb4.16&#8243; animation_style=\u00bbfade\u00bb animation_duration=\u00bb500ms\u00bb animation=\u00bbfade_in\u00bb global_colors_info=\u00bb{}\u00bb][\/et_pb_image][et_pb_image src=\u00bbhttps:\/\/pilates-individual.com\/wp-content\/uploads\/2017\/03\/reformer1.png\u00bb alt=\u00bbpilates reformer\u00bb title_text=\u00bbpilates reformer\u00bb align_tablet=\u00bbcenter\u00bb align_phone=\u00bbcenter\u00bb align_last_edited=\u00bbon|desktop\u00bb admin_label=\u00bbreformer Image\u00bb _builder_version=\u00bb4.16&#8243; animation_style=\u00bbfade\u00bb animation_duration=\u00bb500ms\u00bb animation=\u00bbfade_in\u00bb global_colors_info=\u00bb{}\u00bb][\/et_pb_image][\/et_pb_column][et_pb_column type=\u00bb1_2&#8243; _builder_version=\u00bb4.16&#8243; custom_padding=\u00bb|||\u00bb global_colors_info=\u00bb{}\u00bb custom_padding__hover=\u00bb|||\u00bb][et_pb_image src=\u00bbhttps:\/\/pilates-individual.com\/wp-content\/uploads\/2017\/03\/pilates_8714.png\u00bb alt=\u00bbpilates reformer\u00bb title_text=\u00bbpilates reformer\u00bb align_tablet=\u00bbcenter\u00bb align_phone=\u00bbcenter\u00bb align_last_edited=\u00bbon|desktop\u00bb admin_label=\u00bbImage\u00bb _builder_version=\u00bb4.16&#8243; animation_style=\u00bbfade\u00bb animation_duration=\u00bb500ms\u00bb animation=\u00bbfade_in\u00bb global_colors_info=\u00bb{}\u00bb][\/et_pb_image][et_pb_text admin_label=\u00bbText\u00bb _builder_version=\u00bb4.27.4&#8243; background_size=\u00bbinitial\u00bb background_position=\u00bbtop_left\u00bb background_repeat=\u00bbrepeat\u00bb hover_enabled=\u00bb0&#8243; global_colors_info=\u00bb{}\u00bb sticky_enabled=\u00bb0&#8243;]<\/p>\n<p>Entrenamiento de Fascia promueve la estabilidad del n\u00facleo y ayuda a restaurar la elasticidad natural y la flexibilidad juvenil de los tejidos mediante el trabajo de l\u00edneas fasciales en el interior del cuerpo. Incorporo Entrenamiento de Fascia en todas mis clases de Pilates, usando varias t\u00e9cnicas simples pero efectivas para estirar, fortalecer y liberar la fascia. La combinaci\u00f3n de estas t\u00e9cnicas con la respiraci\u00f3n de Pilates y movimientos espec\u00edficos de la columna vertebral de Pilates-L\u00edneas Fasciales ayuda a limpiar y <a href=\"\/?page_id=1166#detox\"><strong>desintoxicar<\/strong><\/a> nuestros cuerpos internamente.<\/p>\n<p>Este enfoque innovador fue dise\u00f1ado con el esp\u00edritu de Joseph Pilates en mente. Cre\u00eda no s\u00f3lo en el entrenamiento de los m\u00fasculos individuales o \u00e1reas del cuerpo, sino tambi\u00e9n en la promoci\u00f3n del bienestar integral en todo el cuerpo. Estoy seguro de que notar\u00e1 una mejora en c\u00f3mo su cuerpo se mueve y se siente a lo largo de su vida cotidiana, as\u00ed como una mayor sensaci\u00f3n de bienestar.<\/p>\n<p>[\/et_pb_text][\/et_pb_column][\/et_pb_row][\/et_pb_section][et_pb_section fb_built=\u00bb1&#8243; admin_label=\u00bbSection\u00bb _builder_version=\u00bb4.16&#8243; global_colors_info=\u00bb{}\u00bb][et_pb_row custom_padding_last_edited=\u00bbon|phone\u00bb admin_label=\u00bbRow\u00bb _builder_version=\u00bb4.16&#8243; background_size=\u00bbinitial\u00bb background_position=\u00bbtop_left\u00bb background_repeat=\u00bbrepeat\u00bb custom_margin_tablet=\u00bb\u00bb custom_margin_phone=\u00bb||0px|\u00bb custom_margin_last_edited=\u00bbon|phone\u00bb custom_padding_tablet=\u00bb\u00bb custom_padding_phone=\u00bb||0px|\u00bb global_colors_info=\u00bb{}\u00bb][et_pb_column type=\u00bb4_4&#8243; _builder_version=\u00bb4.16&#8243; background_position=\u00bbtop_left\u00bb custom_padding=\u00bb|||\u00bb global_colors_info=\u00bb{}\u00bb custom_padding__hover=\u00bb|||\u00bb][et_pb_text admin_label=\u00bbEslingas\u00bb _builder_version=\u00bb4.27.4&#8243; background_size=\u00bbinitial\u00bb background_position=\u00bbtop_left\u00bb background_repeat=\u00bbrepeat\u00bb custom_margin=\u00bb0px||0px|\u00bb custom_padding=\u00bb||0px|\u00bb custom_padding_tablet=\u00bb\u00bb custom_padding_phone=\u00bb0px||0px|\u00bb custom_padding_last_edited=\u00bbon|phone\u00bb hover_enabled=\u00bb0&#8243; global_colors_info=\u00bb{}\u00bb sticky_enabled=\u00bb0&#8243;]<\/p>\n<h1><span style=\"color: #02a2d0;\">Eslingas \/ L\u00edneas de Fascia<\/span><\/h1>\n<p>[\/et_pb_text][\/et_pb_column][\/et_pb_row][et_pb_row column_structure=\u00bb1_3,1_3,1_3&#8243; custom_padding_last_edited=\u00bbon|desktop\u00bb admin_label=\u00bbRow\u00bb _builder_version=\u00bb4.16&#8243; background_size=\u00bbinitial\u00bb background_position=\u00bbtop_left\u00bb background_repeat=\u00bbrepeat\u00bb custom_margin=\u00bb0px|||\u00bb custom_margin_tablet=\u00bb\u00bb custom_margin_phone=\u00bb0px|||\u00bb custom_margin_last_edited=\u00bbon|desktop\u00bb custom_padding=\u00bb0px|||\u00bb custom_padding_tablet=\u00bb\u00bb custom_padding_phone=\u00bb0px|||\u00bb global_colors_info=\u00bb{}\u00bb][et_pb_column type=\u00bb1_3&#8243; _builder_version=\u00bb4.16&#8243; background_position=\u00bbtop_left\u00bb custom_padding=\u00bb|||\u00bb global_colors_info=\u00bb{}\u00bb custom_padding__hover=\u00bb|||\u00bb][et_pb_image src=\u00bbhttps:\/\/pilates-individual.com\/wp-content\/uploads\/2017\/03\/slings-lines1.png\u00bb alt=\u00bbmyofascial slings\u00bb title_text=\u00bbmyofascial slings\u00bb align=\u00bbcenter\u00bb align_tablet=\u00bbcenter\u00bb align_phone=\u00bbcenter\u00bb align_last_edited=\u00bbon|desktop\u00bb admin_label=\u00bbImage\u00bb _builder_version=\u00bb4.16&#8243; custom_margin=\u00bb20px|||\u00bb custom_margin_tablet=\u00bb\u00bb custom_margin_phone=\u00bb\u00bb custom_margin_last_edited=\u00bbon|phone\u00bb animation_style=\u00bbfade\u00bb animation_duration=\u00bb500ms\u00bb animation=\u00bbfade_in\u00bb global_colors_info=\u00bb{}\u00bb][\/et_pb_image][\/et_pb_column][et_pb_column type=\u00bb1_3&#8243; _builder_version=\u00bb4.16&#8243; background_position=\u00bbtop_left\u00bb custom_padding=\u00bb|||\u00bb global_colors_info=\u00bb{}\u00bb custom_padding__hover=\u00bb|||\u00bb][et_pb_image src=\u00bbhttps:\/\/pilates-individual.com\/wp-content\/uploads\/2017\/03\/slings-lines4.png\u00bb alt=\u00bbmyofascial slings\u00bb title_text=\u00bbmyofascial slings\u00bb align=\u00bbcenter\u00bb align_tablet=\u00bbcenter\u00bb align_phone=\u00bbcenter\u00bb align_last_edited=\u00bbon|desktop\u00bb admin_label=\u00bbImage\u00bb _builder_version=\u00bb4.16&#8243; max_width=\u00bb250px\u00bb custom_margin=\u00bb80px|||\u00bb custom_margin_tablet=\u00bb0px|||\u00bb custom_margin_phone=\u00bb\u00bb custom_margin_last_edited=\u00bbon|phone\u00bb animation_style=\u00bbfade\u00bb animation_duration=\u00bb500ms\u00bb animation=\u00bbfade_in\u00bb global_colors_info=\u00bb{}\u00bb][\/et_pb_image][\/et_pb_column][et_pb_column type=\u00bb1_3&#8243; _builder_version=\u00bb4.16&#8243; background_position=\u00bbtop_left\u00bb custom_padding=\u00bb|||\u00bb global_colors_info=\u00bb{}\u00bb custom_padding__hover=\u00bb|||\u00bb][et_pb_image src=\u00bbhttps:\/\/pilates-individual.com\/wp-content\/uploads\/2017\/03\/slings-lines3.png\u00bb alt=\u00bbmyofascial slings\u00bb title_text=\u00bbmyofascial slings\u00bb align=\u00bbcenter\u00bb align_tablet=\u00bbcenter\u00bb align_phone=\u00bbcenter\u00bb align_last_edited=\u00bbon|desktop\u00bb admin_label=\u00bbImage\u00bb _builder_version=\u00bb4.16&#8243; max_width=\u00bb250px\u00bb custom_margin=\u00bb74px|||\u00bb custom_margin_tablet=\u00bb0px|||\u00bb custom_margin_phone=\u00bb\u00bb custom_margin_last_edited=\u00bbon|phone\u00bb animation_style=\u00bbfade\u00bb animation_duration=\u00bb500ms\u00bb animation=\u00bbfade_in\u00bb global_colors_info=\u00bb{}\u00bb][\/et_pb_image][\/et_pb_column][\/et_pb_row][et_pb_row column_structure=\u00bb1_3,1_3,1_3&#8243; admin_label=\u00bbRow\u00bb _builder_version=\u00bb4.16&#8243; background_size=\u00bbinitial\u00bb background_position=\u00bbtop_left\u00bb background_repeat=\u00bbrepeat\u00bb global_colors_info=\u00bb{}\u00bb][et_pb_column type=\u00bb1_3&#8243; _builder_version=\u00bb4.16&#8243; custom_padding=\u00bb|||\u00bb global_colors_info=\u00bb{}\u00bb custom_padding__hover=\u00bb|||\u00bb][et_pb_text admin_label=\u00bbText\u00bb _builder_version=\u00bb4.27.4&#8243; background_size=\u00bbinitial\u00bb background_position=\u00bbtop_left\u00bb background_repeat=\u00bbrepeat\u00bb hover_enabled=\u00bb0&#8243; global_colors_info=\u00bb{}\u00bb sticky_enabled=\u00bb0&#8243;]<\/p>\n<p><span style=\"color: #5e9bb6;\"><span style=\"color: #848484;\">Las eslingas o l\u00edneas de fascia son las l\u00edneas cooperativas del m\u00fasculo que abarcan toda la longitud del cuerpo, unidas en \u00abmeridianos\u00bb por la banda de tejido conectivo conocida como fascia (\u00abmyo\u00bb que se refiere a la fascia que cubre los m\u00fasculos).<\/span><\/span><\/p>\n<p>&nbsp;<\/p>\n<p>[\/et_pb_text][\/et_pb_column][et_pb_column type=\u00bb1_3&#8243; _builder_version=\u00bb4.16&#8243; custom_padding=\u00bb|||\u00bb global_colors_info=\u00bb{}\u00bb custom_padding__hover=\u00bb|||\u00bb][et_pb_text admin_label=\u00bbText\u00bb _builder_version=\u00bb4.16&#8243; background_size=\u00bbinitial\u00bb background_position=\u00bbtop_left\u00bb background_repeat=\u00bbrepeat\u00bb global_colors_info=\u00bb{}\u00bb]<span style=\"color: #848484;\"> Juntos, eslingas y meridianos miofasciales son parte del concepto Anatomy Trains desarrollado por Thomas Myers, explicando c\u00f3mo los m\u00fasculos individuales est\u00e1n conectados a los sistemas funcionales responsables del movimiento y la estabilidad. Eslingas forman l\u00edneas de tensi\u00f3n en el cuerpo que controlan la postura, el equilibrio, el movimiento eficiente y la conciencia sensorial.<\/span><br \/>\n[\/et_pb_text][\/et_pb_column][et_pb_column type=\u00bb1_3&#8243; _builder_version=\u00bb4.16&#8243; custom_padding=\u00bb|||\u00bb global_colors_info=\u00bb{}\u00bb custom_padding__hover=\u00bb|||\u00bb][et_pb_text admin_label=\u00bbText\u00bb _builder_version=\u00bb4.27.4&#8243; background_size=\u00bbinitial\u00bb background_position=\u00bbtop_left\u00bb background_repeat=\u00bbrepeat\u00bb global_colors_info=\u00bb{}\u00bb]<span style=\"color: #848484;\"> El concepto Entrenamiento Fascial es una t\u00e9cnica hol\u00edstica desarrollada por Karin Gurtner sobre la base del concepto Anatomy Trains que incorpora la pr\u00e1ctica del movimiento, el auto-masaje y los ejercicios de conciencia sensorial. Este entrenamiento involucra ejercicios lentos, enfocados, y movimientos r\u00edtmicos y deslizantes para mejorar el ox\u00edgeno y el flujo sangu\u00edneo con la ayuda de herramientas tales como bolas de masaje.<\/span>[\/et_pb_text][\/et_pb_column][\/et_pb_row][\/et_pb_section][et_pb_section fb_built=\u00bb1&#8243; admin_label=\u00bbSection\u00bb _builder_version=\u00bb4.16&#8243; background_color=\u00bb#5ec3dd\u00bb global_colors_info=\u00bb{}\u00bb][et_pb_row admin_label=\u00bbRow\u00bb _builder_version=\u00bb4.16&#8243; background_size=\u00bbinitial\u00bb background_position=\u00bbtop_left\u00bb background_repeat=\u00bbrepeat\u00bb custom_padding=\u00bb25.5938px|0px|25px|0px\u00bb global_colors_info=\u00bb{}\u00bb][et_pb_column type=\u00bb4_4&#8243; _builder_version=\u00bb4.16&#8243; custom_padding=\u00bb|||\u00bb global_colors_info=\u00bb{}\u00bb custom_padding__hover=\u00bb|||\u00bb][et_pb_text admin_label=\u00bbText\u00bb module_id=\u00bbdetox\u00bb _builder_version=\u00bb4.16&#8243; background_size=\u00bbinitial\u00bb background_position=\u00bbtop_left\u00bb background_repeat=\u00bbrepeat\u00bb background_layout=\u00bbdark\u00bb global_colors_info=\u00bb{}\u00bb]<\/p>\n<h3 style=\"text-align: right;\">Si su espina dorsal es inflexible a los 30, usted es viejo. Si es completamente flexible a los 60 a\u00f1os, es joven.<span style=\"font-size: 14px;\">\u00a0\u00a0<\/span><span style=\"font-size: 14px; text-align: right;\">\u2014\u00a0 Joseph Pilates<\/span><\/h3>\n<p>&nbsp;<br \/>\n[\/et_pb_text][\/et_pb_column][\/et_pb_row][\/et_pb_section][et_pb_section fb_built=\u00bb1&#8243; admin_label=\u00bbSection\u00bb _builder_version=\u00bb4.16&#8243; background_color=\u00bb6fa8a3&#8243; global_colors_info=\u00bb{}\u00bb][et_pb_row column_structure=\u00bb1_3,1_3,1_3&#8243; disabled_on=\u00bb|on|on\u00bb admin_label=\u00bbRow\u00bb _builder_version=\u00bb4.16&#8243; background_size=\u00bbinitial\u00bb background_position=\u00bbtop_left\u00bb background_repeat=\u00bbrepeat\u00bb global_colors_info=\u00bb{}\u00bb][et_pb_column type=\u00bb1_3&#8243; _builder_version=\u00bb4.16&#8243; custom_padding=\u00bb|||\u00bb global_colors_info=\u00bb{}\u00bb custom_padding__hover=\u00bb|||\u00bb][et_pb_image src=\u00bbhttps:\/\/pilates-individual.com\/wp-content\/uploads\/2017\/03\/detox_pose1.jpg\u00bb alt=\u00bbpilates individual\u00bb title_text=\u00bbpilates individual\u00bb align_tablet=\u00bbcenter\u00bb align_phone=\u00bbcenter\u00bb align_last_edited=\u00bbon|desktop\u00bb admin_label=\u00bbImage\u00bb _builder_version=\u00bb4.16&#8243; animation_style=\u00bbslide\u00bb animation_direction=\u00bbleft\u00bb animation_duration=\u00bb500ms\u00bb animation_intensity_slide=\u00bb10%\u00bb global_colors_info=\u00bb{}\u00bb][\/et_pb_image][\/et_pb_column][et_pb_column type=\u00bb1_3&#8243; _builder_version=\u00bb4.16&#8243; custom_padding=\u00bb|||\u00bb global_colors_info=\u00bb{}\u00bb custom_padding__hover=\u00bb|||\u00bb][et_pb_image src=\u00bbhttps:\/\/pilates-individual.com\/wp-content\/uploads\/2017\/03\/detox_pose2.jpg\u00bb alt=\u00bbpilates individual\u00bb title_text=\u00bbpilates individual\u00bb align_tablet=\u00bbcenter\u00bb align_phone=\u00bbcenter\u00bb align_last_edited=\u00bbon|desktop\u00bb admin_label=\u00bbImage\u00bb _builder_version=\u00bb4.16&#8243; animation_style=\u00bbslide\u00bb animation_direction=\u00bbleft\u00bb animation_duration=\u00bb500ms\u00bb animation_intensity_slide=\u00bb10%\u00bb global_colors_info=\u00bb{}\u00bb][\/et_pb_image][\/et_pb_column][et_pb_column type=\u00bb1_3&#8243; _builder_version=\u00bb4.16&#8243; custom_padding=\u00bb|||\u00bb global_colors_info=\u00bb{}\u00bb custom_padding__hover=\u00bb|||\u00bb][et_pb_image src=\u00bbhttps:\/\/pilates-individual.com\/wp-content\/uploads\/2017\/03\/detox_pose3.jpg\u00bb alt=\u00bbpilates individual\u00bb title_text=\u00bbpilates individual\u00bb align_tablet=\u00bbcenter\u00bb align_phone=\u00bbcenter\u00bb align_last_edited=\u00bbon|desktop\u00bb admin_label=\u00bbImage\u00bb _builder_version=\u00bb4.16&#8243; animation_style=\u00bbslide\u00bb animation_direction=\u00bbleft\u00bb animation_duration=\u00bb500ms\u00bb animation_intensity_slide=\u00bb10%\u00bb global_colors_info=\u00bb{}\u00bb][\/et_pb_image][\/et_pb_column][\/et_pb_row][et_pb_row disabled_on=\u00bbon||\u00bb admin_label=\u00bbRow\u00bb _builder_version=\u00bb4.16&#8243; background_size=\u00bbinitial\u00bb background_position=\u00bbtop_left\u00bb background_repeat=\u00bbrepeat\u00bb global_colors_info=\u00bb{}\u00bb][et_pb_column type=\u00bb4_4&#8243; _builder_version=\u00bb4.16&#8243; custom_padding=\u00bb|||\u00bb global_colors_info=\u00bb{}\u00bb custom_padding__hover=\u00bb|||\u00bb][et_pb_image src=\u00bbhttps:\/\/pilates-individual.com\/wp-content\/uploads\/2017\/03\/detox-poses.jpg\u00bb alt=\u00bbpilates individual\u00bb title_text=\u00bbpilates individual\u00bb align_tablet=\u00bbcenter\u00bb align_phone=\u00bbcenter\u00bb align_last_edited=\u00bbon|desktop\u00bb admin_label=\u00bbImage\u00bb _builder_version=\u00bb4.16&#8243; animation_style=\u00bbslide\u00bb animation_direction=\u00bbbottom\u00bb animation_duration=\u00bb500ms\u00bb animation_intensity_slide=\u00bb10%\u00bb animation=\u00bbbottom\u00bb global_colors_info=\u00bb{}\u00bb][\/et_pb_image][\/et_pb_column][\/et_pb_row][et_pb_row admin_label=\u00bbRow\u00bb _builder_version=\u00bb4.16&#8243; background_size=\u00bbinitial\u00bb background_position=\u00bbtop_left\u00bb background_repeat=\u00bbrepeat\u00bb global_colors_info=\u00bb{}\u00bb][et_pb_column type=\u00bb4_4&#8243; _builder_version=\u00bb4.16&#8243; custom_padding=\u00bb|||\u00bb global_colors_info=\u00bb{}\u00bb custom_padding__hover=\u00bb|||\u00bb][et_pb_text admin_label=\u00bbDetox Text\u00bb module_id=\u00bbdetox\u00bb _builder_version=\u00bb4.16&#8243; text_text_color=\u00bb#02a2d0&#8243; text_font_size=\u00bb20&#8243; background_size=\u00bbinitial\u00bb background_position=\u00bbtop_left\u00bb background_repeat=\u00bbrepeat\u00bb text_orientation=\u00bbcenter\u00bb module_alignment=\u00bbcenter\u00bb text_font_size_tablet=\u00bb\u00bb text_font_size_phone=\u00bb16&#8243; text_font_size_last_edited=\u00bbon|desktop\u00bb global_colors_info=\u00bb{}\u00bb]Pruebe mis clases <strong>en grupos peque\u00f1os<\/strong> o <strong>entrenamiento individual<\/strong> y sentir\u00e1 la diferencia! \u00a0Espero poder ayudarle a experimentar un movimiento m\u00e1s equilibrado y din\u00e1mico.<br \/>\n[\/et_pb_text][\/et_pb_column][\/et_pb_row][\/et_pb_section][et_pb_section fb_built=\u00bb1&#8243; admin_label=\u00bbsection\u00bb _builder_version=\u00bb3.0.47&#8243; background_color=\u00bb#5ec3dd\u00bb global_module=\u00bb1209&#8243; global_colors_info=\u00bb{}\u00bb][et_pb_row use_custom_gutter=\u00bbon\u00bb gutter_width=\u00bb2&#8243; admin_label=\u00bbrow\u00bb _builder_version=\u00bb4.16&#8243; background_size=\u00bbinitial\u00bb background_position=\u00bbtop_left\u00bb background_repeat=\u00bbrepeat\u00bb custom_padding=\u00bb0px||0px|\u00bb global_colors_info=\u00bb{}\u00bb column_structure=\u00bb1_4,1_4,1_4,1_4&#8243;][et_pb_column type=\u00bb1_4&#8243; _builder_version=\u00bb4.16&#8243; custom_padding=\u00bb|||\u00bb global_colors_info=\u00bb{}\u00bb custom_padding__hover=\u00bb|||\u00bb][et_pb_blurb title=\u00bbSobre mi\u00bb url=\u00bbhttps:\/\/pilates-individual.com\/es\/about-me\/\u00bb image=\u00bbhttps:\/\/pilates-individual.com\/wp-content\/uploads\/2017\/02\/aboutme-800&#215;500.jpg\u00bb alt=\u00bbangie wild pilates individual\u00bb image_icon_width=\u00bbnone\u00bb admin_label=\u00bbBlurb\u00bb _builder_version=\u00bb4.16&#8243; header_text_color=\u00bb#ffffff\u00bb header_font_size=\u00bb26&#8243; background_color=\u00bbrgba(180,239,234,0.75)\u00bb background_size=\u00bbinitial\u00bb background_position=\u00bbtop_left\u00bb background_repeat=\u00bbrepeat\u00bb text_orientation=\u00bbcenter\u00bb background_layout=\u00bbdark\u00bb custom_padding=\u00bb||20px|\u00bb image_max_width=\u00bbnone\u00bb global_colors_info=\u00bb{}\u00bb][\/et_pb_blurb][\/et_pb_column][et_pb_column type=\u00bb1_4&#8243; _builder_version=\u00bb4.16&#8243; custom_padding=\u00bb|||\u00bb global_colors_info=\u00bb{}\u00bb custom_padding__hover=\u00bb|||\u00bb][et_pb_blurb title=\u00bbServicios y Tarifas\u00bb url=\u00bbhttps:\/\/pilates-individual.com\/es\/services-and-fees\/\u00bb image=\u00bbhttps:\/\/pilates-individual.com\/wp-content\/uploads\/2017\/02\/3blurbpic-800&#215;500.jpg\u00bb alt=\u00bbpilates lanzarote\u00bb image_icon_width=\u00bbnone\u00bb admin_label=\u00bbBlurb\u00bb _builder_version=\u00bb4.16&#8243; header_text_color=\u00bb#ffffff\u00bb header_font_size=\u00bb26&#8243; background_color=\u00bbrgba(180,239,234,0.75)\u00bb background_size=\u00bbinitial\u00bb background_position=\u00bbtop_left\u00bb background_repeat=\u00bbrepeat\u00bb text_orientation=\u00bbcenter\u00bb background_layout=\u00bbdark\u00bb custom_padding=\u00bb||20px|\u00bb border_width_all=\u00bb0px\u00bb border_color_all=\u00bb#6fa8a3&#8243; border_style_all=\u00bbsolid\u00bb use_border_color=\u00bbon\u00bb border_color=\u00bb#6fa8a3&#8243; border_width=\u00bb0px\u00bb image_max_width=\u00bbnone\u00bb global_colors_info=\u00bb{}\u00bb][\/et_pb_blurb][\/et_pb_column][et_pb_column type=\u00bb1_4&#8243; _builder_version=\u00bb4.16&#8243; custom_padding=\u00bb|||\u00bb global_colors_info=\u00bb{}\u00bb custom_padding__hover=\u00bb|||\u00bb][et_pb_blurb title=\u00bbLeer m\u00e1s \u00bb url=\u00bbhttps:\/\/pilates-individual.com\/es\/more-reading\/\u00bb image=\u00bbhttps:\/\/pilates-individual.com\/wp-content\/uploads\/2017\/02\/angie_baby_blurb_pic.jpg\u00bb alt=\u00bbpilates lanzarote\u00bb image_icon_width=\u00bbnone\u00bb admin_label=\u00bbBlurb\u00bb _builder_version=\u00bb4.16&#8243; header_text_color=\u00bb#ffffff\u00bb header_font_size=\u00bb26&#8243; background_color=\u00bbrgba(180,239,234,0.75)\u00bb background_size=\u00bbinitial\u00bb background_position=\u00bbtop_left\u00bb background_repeat=\u00bbrepeat\u00bb text_orientation=\u00bbcenter\u00bb background_layout=\u00bbdark\u00bb custom_padding=\u00bb||20px|\u00bb border_width_all=\u00bb0px\u00bb border_color_all=\u00bb#6fa8a3&#8243; border_style_all=\u00bbsolid\u00bb use_border_color=\u00bbon\u00bb border_color=\u00bb#6fa8a3&#8243; border_width=\u00bb0px\u00bb image_max_width=\u00bbnone\u00bb global_colors_info=\u00bb{}\u00bb][\/et_pb_blurb][\/et_pb_column][et_pb_column type=\u00bb1_4&#8243; _builder_version=\u00bb4.16&#8243; custom_padding=\u00bb|||\u00bb global_colors_info=\u00bb{}\u00bb custom_padding__hover=\u00bb|||\u00bb][et_pb_blurb title=\u00bbGaler\u00eda\u00bb url=\u00bbhttps:\/\/pilates-individual.com\/es\/gallery\u00bb image=\u00bbhttps:\/\/pilates-individual.com\/wp-content\/uploads\/2017\/02\/4blurbpic-800&#215;500.jpg\u00bb alt=\u00bbpilates lanzarote\u00bb image_icon_width=\u00bbnone\u00bb admin_label=\u00bbBlurb\u00bb _builder_version=\u00bb4.16&#8243; header_text_color=\u00bb#ffffff\u00bb header_font_size=\u00bb26&#8243; background_color=\u00bbrgba(180,239,234,0.75)\u00bb background_size=\u00bbinitial\u00bb background_position=\u00bbtop_left\u00bb background_repeat=\u00bbrepeat\u00bb text_orientation=\u00bbcenter\u00bb background_layout=\u00bbdark\u00bb custom_padding=\u00bb||20px|\u00bb border_width_all=\u00bb0px\u00bb border_color_all=\u00bb#6fa8a3&#8243; border_style_all=\u00bbsolid\u00bb use_border_color=\u00bbon\u00bb border_color=\u00bb#6fa8a3&#8243; border_width=\u00bb0px\u00bb image_max_width=\u00bbnone\u00bb global_colors_info=\u00bb{}\u00bb][\/et_pb_blurb][\/et_pb_column][\/et_pb_row][\/et_pb_section]<\/p>\n","protected":false},"excerpt":{"rendered":"<p>Entrenamiento de Fascia Pilates es un concepto de ejercicio inteligente desarrollado por Joseph Pilates a principios del siglo XX para mejorar la flexibilidad, la coordinaci\u00f3n y el equilibrio, y para construir la fuerza y \u200b\u200bla resistencia en todo el cuerpo. Al fortalecer los m\u00fasculos abdominales profundos, los m\u00fasculos de la espalda y el suelo p\u00e9lvico, [&hellip;]<\/p>\n","protected":false},"author":2,"featured_media":0,"parent":0,"menu_order":0,"comment_status":"closed","ping_status":"closed","template":"","meta":{"_et_pb_use_builder":"on","_et_pb_old_content":"","_et_gb_content_width":"","footnotes":""},"class_list":["post-1146","page","type-page","status-publish","hentry"],"yoast_head":"<!-- This site is optimized with the Yoast SEO plugin v27.2 - https:\/\/yoast.com\/product\/yoast-seo-wordpress\/ -->\n<title>Entrenamiento Fascial - Pilates Individual<\/title>\n<meta name=\"robots\" content=\"index, follow, max-snippet:-1, max-image-preview:large, max-video-preview:-1\" \/>\n<link rel=\"canonical\" href=\"https:\/\/pilates-individual.com\/es\/entrenamiento-fascial\/\" \/>\n<meta property=\"og:locale\" content=\"es_ES\" \/>\n<meta property=\"og:type\" content=\"article\" \/>\n<meta property=\"og:title\" content=\"Entrenamiento Fascial - Pilates Individual\" \/>\n<meta property=\"og:description\" content=\"Entrenamiento de Fascia Pilates es un concepto de ejercicio inteligente desarrollado por Joseph Pilates a principios del siglo XX para mejorar la flexibilidad, la coordinaci\u00f3n y el equilibrio, y para construir la fuerza y \u200b\u200bla resistencia en todo el cuerpo. Al fortalecer los m\u00fasculos abdominales profundos, los m\u00fasculos de la espalda y el suelo p\u00e9lvico, [&hellip;]\" \/>\n<meta property=\"og:url\" content=\"https:\/\/pilates-individual.com\/es\/entrenamiento-fascial\/\" \/>\n<meta property=\"og:site_name\" content=\"Pilates Individual\" \/>\n<meta property=\"article:modified_time\" content=\"2025-02-11T16:57:33+00:00\" \/>\n<meta name=\"twitter:card\" content=\"summary_large_image\" \/>\n<meta name=\"twitter:label1\" content=\"Tiempo de lectura\" \/>\n\t<meta name=\"twitter:data1\" content=\"5 minutos\" \/>\n<script type=\"application\/ld+json\" class=\"yoast-schema-graph\">{\"@context\":\"https:\/\/schema.org\",\"@graph\":[{\"@type\":\"WebPage\",\"@id\":\"https:\/\/pilates-individual.com\/es\/entrenamiento-fascial\/\",\"url\":\"https:\/\/pilates-individual.com\/es\/entrenamiento-fascial\/\",\"name\":\"Entrenamiento Fascial - Pilates Individual\",\"isPartOf\":{\"@id\":\"https:\/\/pilates-individual.com\/#website\"},\"datePublished\":\"2017-03-02T12:48:57+00:00\",\"dateModified\":\"2025-02-11T16:57:33+00:00\",\"breadcrumb\":{\"@id\":\"https:\/\/pilates-individual.com\/es\/entrenamiento-fascial\/#breadcrumb\"},\"inLanguage\":\"es\",\"potentialAction\":[{\"@type\":\"ReadAction\",\"target\":[\"https:\/\/pilates-individual.com\/es\/entrenamiento-fascial\/\"]}]},{\"@type\":\"BreadcrumbList\",\"@id\":\"https:\/\/pilates-individual.com\/es\/entrenamiento-fascial\/#breadcrumb\",\"itemListElement\":[{\"@type\":\"ListItem\",\"position\":1,\"name\":\"Home\",\"item\":\"https:\/\/pilates-individual.com\/es\/\"},{\"@type\":\"ListItem\",\"position\":2,\"name\":\"Entrenamiento Fascial\"}]},{\"@type\":\"WebSite\",\"@id\":\"https:\/\/pilates-individual.com\/#website\",\"url\":\"https:\/\/pilates-individual.com\/\",\"name\":\"Pilates Individual\",\"description\":\"Pilates with Angie\",\"publisher\":{\"@id\":\"https:\/\/pilates-individual.com\/#organization\"},\"potentialAction\":[{\"@type\":\"SearchAction\",\"target\":{\"@type\":\"EntryPoint\",\"urlTemplate\":\"https:\/\/pilates-individual.com\/?s={search_term_string}\"},\"query-input\":{\"@type\":\"PropertyValueSpecification\",\"valueRequired\":true,\"valueName\":\"search_term_string\"}}],\"inLanguage\":\"es\"},{\"@type\":\"Organization\",\"@id\":\"https:\/\/pilates-individual.com\/#organization\",\"name\":\"Pilates Individual Lanzarote\",\"url\":\"https:\/\/pilates-individual.com\/\",\"logo\":{\"@type\":\"ImageObject\",\"inLanguage\":\"es\",\"@id\":\"https:\/\/pilates-individual.com\/#\/schema\/logo\/image\/\",\"url\":\"https:\/\/pilates-individual.com\/wp-content\/uploads\/2017\/02\/pi-logo-stacked.png\",\"contentUrl\":\"https:\/\/pilates-individual.com\/wp-content\/uploads\/2017\/02\/pi-logo-stacked.png\",\"width\":132,\"height\":69,\"caption\":\"Pilates Individual Lanzarote\"},\"image\":{\"@id\":\"https:\/\/pilates-individual.com\/#\/schema\/logo\/image\/\"}}]}<\/script>\n<!-- \/ Yoast SEO plugin. -->","yoast_head_json":{"title":"Entrenamiento Fascial - Pilates Individual","robots":{"index":"index","follow":"follow","max-snippet":"max-snippet:-1","max-image-preview":"max-image-preview:large","max-video-preview":"max-video-preview:-1"},"canonical":"https:\/\/pilates-individual.com\/es\/entrenamiento-fascial\/","og_locale":"es_ES","og_type":"article","og_title":"Entrenamiento Fascial - Pilates Individual","og_description":"Entrenamiento de Fascia Pilates es un concepto de ejercicio inteligente desarrollado por Joseph Pilates a principios del siglo XX para mejorar la flexibilidad, la coordinaci\u00f3n y el equilibrio, y para construir la fuerza y \u200b\u200bla resistencia en todo el cuerpo. Al fortalecer los m\u00fasculos abdominales profundos, los m\u00fasculos de la espalda y el suelo p\u00e9lvico, [&hellip;]","og_url":"https:\/\/pilates-individual.com\/es\/entrenamiento-fascial\/","og_site_name":"Pilates Individual","article_modified_time":"2025-02-11T16:57:33+00:00","twitter_card":"summary_large_image","twitter_misc":{"Tiempo de lectura":"5 minutos"},"schema":{"@context":"https:\/\/schema.org","@graph":[{"@type":"WebPage","@id":"https:\/\/pilates-individual.com\/es\/entrenamiento-fascial\/","url":"https:\/\/pilates-individual.com\/es\/entrenamiento-fascial\/","name":"Entrenamiento Fascial - Pilates Individual","isPartOf":{"@id":"https:\/\/pilates-individual.com\/#website"},"datePublished":"2017-03-02T12:48:57+00:00","dateModified":"2025-02-11T16:57:33+00:00","breadcrumb":{"@id":"https:\/\/pilates-individual.com\/es\/entrenamiento-fascial\/#breadcrumb"},"inLanguage":"es","potentialAction":[{"@type":"ReadAction","target":["https:\/\/pilates-individual.com\/es\/entrenamiento-fascial\/"]}]},{"@type":"BreadcrumbList","@id":"https:\/\/pilates-individual.com\/es\/entrenamiento-fascial\/#breadcrumb","itemListElement":[{"@type":"ListItem","position":1,"name":"Home","item":"https:\/\/pilates-individual.com\/es\/"},{"@type":"ListItem","position":2,"name":"Entrenamiento Fascial"}]},{"@type":"WebSite","@id":"https:\/\/pilates-individual.com\/#website","url":"https:\/\/pilates-individual.com\/","name":"Pilates Individual","description":"Pilates with Angie","publisher":{"@id":"https:\/\/pilates-individual.com\/#organization"},"potentialAction":[{"@type":"SearchAction","target":{"@type":"EntryPoint","urlTemplate":"https:\/\/pilates-individual.com\/?s={search_term_string}"},"query-input":{"@type":"PropertyValueSpecification","valueRequired":true,"valueName":"search_term_string"}}],"inLanguage":"es"},{"@type":"Organization","@id":"https:\/\/pilates-individual.com\/#organization","name":"Pilates Individual Lanzarote","url":"https:\/\/pilates-individual.com\/","logo":{"@type":"ImageObject","inLanguage":"es","@id":"https:\/\/pilates-individual.com\/#\/schema\/logo\/image\/","url":"https:\/\/pilates-individual.com\/wp-content\/uploads\/2017\/02\/pi-logo-stacked.png","contentUrl":"https:\/\/pilates-individual.com\/wp-content\/uploads\/2017\/02\/pi-logo-stacked.png","width":132,"height":69,"caption":"Pilates Individual Lanzarote"},"image":{"@id":"https:\/\/pilates-individual.com\/#\/schema\/logo\/image\/"}}]}},"_links":{"self":[{"href":"https:\/\/pilates-individual.com\/es\/wp-json\/wp\/v2\/pages\/1146","targetHints":{"allow":["GET"]}}],"collection":[{"href":"https:\/\/pilates-individual.com\/es\/wp-json\/wp\/v2\/pages"}],"about":[{"href":"https:\/\/pilates-individual.com\/es\/wp-json\/wp\/v2\/types\/page"}],"author":[{"embeddable":true,"href":"https:\/\/pilates-individual.com\/es\/wp-json\/wp\/v2\/users\/2"}],"replies":[{"embeddable":true,"href":"https:\/\/pilates-individual.com\/es\/wp-json\/wp\/v2\/comments?post=1146"}],"version-history":[{"count":25,"href":"https:\/\/pilates-individual.com\/es\/wp-json\/wp\/v2\/pages\/1146\/revisions"}],"predecessor-version":[{"id":2079,"href":"https:\/\/pilates-individual.com\/es\/wp-json\/wp\/v2\/pages\/1146\/revisions\/2079"}],"wp:attachment":[{"href":"https:\/\/pilates-individual.com\/es\/wp-json\/wp\/v2\/media?parent=1146"}],"curies":[{"name":"wp","href":"https:\/\/api.w.org\/{rel}","templated":true}]}}